{"id":6714,"date":"2019-05-29T07:38:26","date_gmt":"2019-05-29T07:38:26","guid":{"rendered":"http:\/\/dani-renovation.ch\/?page_id=6714"},"modified":"2019-07-30T16:08:19","modified_gmt":"2019-07-30T16:08:19","slug":"historique","status":"publish","type":"page","link":"https:\/\/staging.dani-renovation.ch\/test\/historique\/","title":{"rendered":"Historique"},"content":{"rendered":"[vc_row type=&#8221;full_width_background&#8221; full_screen_row_position=&#8221;middle&#8221; bg_image=&#8221;6775&#8243; bg_position=&#8221;left center&#8221; bg_repeat=&#8221;no-repeat&#8221; scene_position=&#8221;center&#8221; text_color=&#8221;light&#8221; text_align=&#8221;left&#8221; top_padding=&#8221;10%&#8221; bottom_padding=&#8221;10%&#8221; enable_gradient=&#8221;true&#8221; color_overlay=&#8221;#0d1b33&#8243; gradient_direction=&#8221;left_to_right&#8221; overlay_strength=&#8221;1&#8243; shape_divider_position=&#8221;bottom&#8221; bg_image_animation=&#8221;none&#8221; parallax_bg=&#8221;true&#8221; parallax_bg_speed=&#8221;fast&#8221; shape_type=&#8221;&#8221;][vc_column column_padding=&#8221;no-extra-padding&#8221; column_padding_position=&#8221;all&#8221; background_color_opacity=&#8221;1&#8243; background_hover_color_opacity=&#8221;1&#8243; column_link_target=&#8221;_self&#8221; column_shadow=&#8221;none&#8221; column_border_radius=&#8221;none&#8221; width=&#8221;2\/3&#8243; tablet_width_inherit=&#8221;default&#8221; tablet_text_alignment=&#8221;default&#8221; phone_text_alignment=&#8221;default&#8221; column_border_width=&#8221;none&#8221; column_border_style=&#8221;solid&#8221; bg_image_animation=&#8221;none&#8221;][vc_row_inner column_margin=&#8221;default&#8221; text_align=&#8221;left&#8221;][vc_column_inner column_padding=&#8221;no-extra-padding&#8221; column_padding_position=&#8221;all&#8221; background_color_opacity=&#8221;1&#8243; background_hover_color_opacity=&#8221;1&#8243; column_shadow=&#8221;none&#8221; column_border_radius=&#8221;none&#8221; column_link_target=&#8221;_self&#8221; width=&#8221;1\/1&#8243; tablet_width_inherit=&#8221;default&#8221; column_border_width=&#8221;none&#8221; column_border_style=&#8221;solid&#8221; bg_image_animation=&#8221;none&#8221;][nectar_highlighted_text highlight_color=&#8221;rgba(255,255,255,0.33)&#8221; style=&#8221;half_text&#8221;]\n<h3 style=\"text-align: left;\">En 2008, Dani passionn\u00e9 par la r\u00e9novation a cr\u00e9\u00e9 l\u2019entreprise<br \/>DANI RENOVATION<\/h3>\n[\/nectar_highlighted_text][\/vc_column_inner][\/vc_row_inner][\/vc_column][vc_column column_padding=&#8221;no-extra-padding&#8221; column_padding_position=&#8221;all&#8221; background_color_opacity=&#8221;1&#8243; background_hover_color_opacity=&#8221;1&#8243; column_link_target=&#8221;_self&#8221; column_shadow=&#8221;none&#8221; column_border_radius=&#8221;none&#8221; width=&#8221;1\/3&#8243; tablet_width_inherit=&#8221;default&#8221; tablet_text_alignment=&#8221;default&#8221; phone_text_alignment=&#8221;default&#8221; column_border_width=&#8221;none&#8221; column_border_style=&#8221;solid&#8221; bg_image_animation=&#8221;none&#8221;][\/vc_column][\/vc_row][vc_row type=&#8221;full_width_background&#8221; full_screen_row_position=&#8221;middle&#8221; bg_color=&#8221;#ffffff&#8221; scene_position=&#8221;center&#8221; text_color=&#8221;dark&#8221; text_align=&#8221;left&#8221; top_padding=&#8221;7%&#8221; bottom_padding=&#8221;7%&#8221; overlay_strength=&#8221;0.3&#8243; shape_divider_position=&#8221;bottom&#8221; bg_image_animation=&#8221;none&#8221;][vc_column column_padding=&#8221;no-extra-padding&#8221; column_padding_position=&#8221;all&#8221; background_color_opacity=&#8221;1&#8243; background_hover_color_opacity=&#8221;1&#8243; column_link_target=&#8221;_self&#8221; column_shadow=&#8221;none&#8221; column_border_radius=&#8221;none&#8221; width=&#8221;1\/6&#8243; tablet_width_inherit=&#8221;default&#8221; tablet_text_alignment=&#8221;default&#8221; phone_text_alignment=&#8221;default&#8221; column_border_width=&#8221;none&#8221; column_border_style=&#8221;solid&#8221; bg_image_animation=&#8221;none&#8221;][\/vc_column][vc_column centered_text=&#8221;true&#8221; column_padding=&#8221;padding-4-percent&#8221; column_padding_position=&#8221;all&#8221; background_color_opacity=&#8221;1&#8243; background_hover_color_opacity=&#8221;1&#8243; column_link_target=&#8221;_self&#8221; column_shadow=&#8221;none&#8221; column_border_radius=&#8221;none&#8221; width=&#8221;2\/3&#8243; tablet_width_inherit=&#8221;default&#8221; tablet_text_alignment=&#8221;default&#8221; phone_text_alignment=&#8221;default&#8221; column_border_width=&#8221;none&#8221; column_border_style=&#8221;solid&#8221; bg_image_animation=&#8221;none&#8221;][vc_row_inner column_margin=&#8221;default&#8221; text_align=&#8221;left&#8221;][vc_column_inner column_padding=&#8221;no-extra-padding&#8221; column_padding_position=&#8221;all&#8221; background_color_opacity=&#8221;1&#8243; background_hover_color_opacity=&#8221;1&#8243; column_shadow=&#8221;none&#8221; column_border_radius=&#8221;none&#8221; column_link_target=&#8221;_self&#8221; width=&#8221;1\/1&#8243; tablet_width_inherit=&#8221;default&#8221; column_border_width=&#8221;none&#8221; column_border_style=&#8221;solid&#8221; bg_image_animation=&#8221;none&#8221; enable_animation=&#8221;true&#8221; animation=&#8221;fade-in-from-bottom&#8221; delay=&#8221;100&#8243;][vc_custom_heading text=&#8221;Cette entreprise familiale domicili\u00e9e sur le canton de Gen\u00e8ve a d\u00e9but\u00e9 dans le domaine de r\u00e9novation de peinture et de pl\u00e2trerie.&#8221; font_container=&#8221;tag:p|font_size:19|text_align:justify|color:%23000000&#8243; use_theme_fonts=&#8221;yes&#8221; css_animation=&#8221;fadeInDown&#8221; css=&#8221;.vc_custom_1564502875966{padding-right: 13% !important;padding-left: 13% !important;}&#8221; el_class=&#8221;bodyFont&#8221;][vc_custom_heading text=&#8221;Au fil des ann\u00e9es, se cr\u00e9ant une r\u00e9putation, l\u2019entreprise a pu tr\u00e8s vite \u00e9volu\u00e9e.&#8221; font_container=&#8221;tag:p|font_size:19|text_align:justify|color:%23000000&#8243; use_theme_fonts=&#8221;yes&#8221; css_animation=&#8221;fadeInDown&#8221; css=&#8221;.vc_custom_1564502881347{padding-right: 13% !important;padding-left: 13% !important;}&#8221; el_class=&#8221;bodyFont&#8221;][vc_custom_heading text=&#8221;Gr\u00e2ce \u00e0 la confiance et au soutien de ses clients, DANI RENOVATION est devenue une entreprise g\u00e9n\u00e9rale de r\u00e9novation.&#8221; font_container=&#8221;tag:p|font_size:19|text_align:justify|color:%23000000&#8243; use_theme_fonts=&#8221;yes&#8221; css_animation=&#8221;fadeInDown&#8221; css=&#8221;.vc_custom_1564502885227{padding-right: 13% !important;padding-left: 13% !important;}&#8221; el_class=&#8221;bodyFont&#8221;][\/vc_column_inner][\/vc_row_inner][\/vc_column][vc_column column_padding=&#8221;no-extra-padding&#8221; column_padding_position=&#8221;all&#8221; background_color_opacity=&#8221;1&#8243; background_hover_color_opacity=&#8221;1&#8243; column_link_target=&#8221;_self&#8221; column_shadow=&#8221;none&#8221; column_border_radius=&#8221;none&#8221; width=&#8221;1\/6&#8243; tablet_width_inherit=&#8221;default&#8221; tablet_text_alignment=&#8221;default&#8221; phone_text_alignment=&#8221;default&#8221; column_border_width=&#8221;none&#8221; column_border_style=&#8221;solid&#8221; bg_image_animation=&#8221;none&#8221;][\/vc_column][\/vc_row][vc_row type=&#8221;full_width_content&#8221; full_screen_row_position=&#8221;middle&#8221; equal_height=&#8221;yes&#8221; content_placement=&#8221;middle&#8221; scene_position=&#8221;center&#8221; text_color=&#8221;dark&#8221; text_align=&#8221;left&#8221; overlay_strength=&#8221;0.3&#8243; shape_divider_position=&#8221;bottom&#8221; bg_image_animation=&#8221;none&#8221;][vc_column column_padding=&#8221;no-extra-padding&#8221; column_padding_position=&#8221;all&#8221; background_color_opacity=&#8221;1&#8243; background_hover_color_opacity=&#8221;1&#8243; background_image=&#8221;7420&#8243; enable_bg_scale=&#8221;true&#8221; column_link_target=&#8221;_self&#8221; column_shadow=&#8221;none&#8221; column_border_radius=&#8221;none&#8221; width=&#8221;1\/2&#8243; tablet_width_inherit=&#8221;default&#8221; tablet_text_alignment=&#8221;default&#8221; phone_text_alignment=&#8221;default&#8221; column_border_width=&#8221;none&#8221; column_border_style=&#8221;solid&#8221; bg_image_animation=&#8221;fade-in&#8221;][\/vc_column][vc_column column_padding=&#8221;padding-10-percent&#8221; column_padding_position=&#8221;all&#8221; background_color=&#8221;#ffffff&#8221; background_color_opacity=&#8221;1&#8243; background_hover_color_opacity=&#8221;1&#8243; column_link_target=&#8221;_self&#8221; column_shadow=&#8221;none&#8221; column_border_radius=&#8221;none&#8221; width=&#8221;1\/2&#8243; tablet_width_inherit=&#8221;default&#8221; tablet_text_alignment=&#8221;default&#8221; phone_text_alignment=&#8221;default&#8221; column_border_width=&#8221;none&#8221; column_border_style=&#8221;solid&#8221; bg_image_animation=&#8221;none&#8221;][vc_custom_heading text=&#8221;Plus de 10 employ\u00e9s qualifi\u00e9s et exp\u00e9riment\u00e9s&#8221; font_container=&#8221;tag:h2|font_size:30|text_align:left|line_height:40px&#8221; use_theme_fonts=&#8221;yes&#8221; css_animation=&#8221;fadeIn&#8221;]<div class=\"divider-wrap\" data-alignment=\"default\"><div style=\"height: 20px;\" class=\"divider\"><\/div><\/div>[vc_custom_heading text=&#8221;Aujourd\u2019hui, elle compte plus de 10 employ\u00e9s qualifi\u00e9s et exp\u00e9riment\u00e9s : des carreleurs, des peintres d\u00e9corateurs, des tapissiers, des pl\u00e2triers et \u00e9galement des ma\u00e7ons.&#8221; font_container=&#8221;tag:p|text_align:justify|color:rgba(10%2C10%2C10%2C0.6)&#8221; use_theme_fonts=&#8221;yes&#8221; el_class=&#8221;bodyFont&#8221;][vc_custom_heading text=&#8221;Dani reste pr\u00e9sent en tant que Chef de projet et de Direction administrative pour r\u00e9pondre \u00e0 toutes les exigences.&#8221; font_container=&#8221;tag:p|text_align:justify|color:rgba(10%2C10%2C10%2C0.6)&#8221; use_theme_fonts=&#8221;yes&#8221; el_class=&#8221;bodyFont&#8221;][\/vc_column][\/vc_row]\n","protected":false},"excerpt":{"rendered":"<p>[vc_row type=&#8221;full_width_background&#8221; full_screen_row_position=&#8221;middle&#8221; bg_image=&#8221;6775&#8243; bg_position=&#8221;left center&#8221; bg_repeat=&#8221;no-repeat&#8221; scene_position=&#8221;center&#8221; text_color=&#8221;light&#8221; text_align=&#8221;left&#8221; top_padding=&#8221;10%&#8221; bottom_padding=&#8221;10%&#8221; enable_gradient=&#8221;true&#8221; color_overlay=&#8221;#0d1b33&#8243; gradient_direction=&#8221;left_to_right&#8221; overlay_strength=&#8221;1&#8243; shape_divider_position=&#8221;bottom&#8221; bg_image_animation=&#8221;none&#8221; parallax_bg=&#8221;true&#8221; parallax_bg_speed=&#8221;fast&#8221; shape_type=&#8221;&#8221;][vc_column column_padding=&#8221;no-extra-padding&#8221; column_padding_position=&#8221;all&#8221; background_color_opacity=&#8221;1&#8243; background_hover_color_opacity=&#8221;1&#8243;&#8230;<\/p>\n","protected":false},"author":1,"featured_media":0,"parent":0,"menu_order":0,"comment_status":"closed","ping_status":"closed","template":"","meta":{"footnotes":""},"class_list":["post-6714","page","type-page","status-publish"],"yoast_head":"<!-- This site is optimized with the Yoast SEO plugin v23.4 - https:\/\/yoast.com\/wordpress\/plugins\/seo\/ -->\n<title>Historique | ENTREPRISE DE RENOVATION GENEVE|construction, peinture | carrelage |ma\u00e7onnerie | Gen\u00e8ve et Vaud<\/title>\n<meta name=\"robots\" content=\"noindex, follow, max-snippet:-1, max-image-preview:large, max-video-preview:-1\" \/>\n<meta property=\"og:locale\" content=\"en_US\" \/>\n<meta property=\"og:type\" content=\"article\" \/>\n<meta property=\"og:title\" content=\"Historique | ENTREPRISE DE RENOVATION GENEVE|construction, peinture | carrelage |ma\u00e7onnerie | Gen\u00e8ve et Vaud\" \/>\n<meta property=\"og:description\" content=\"[vc_row type=&#8221;full_width_background&#8221; full_screen_row_position=&#8221;middle&#8221; bg_image=&#8221;6775&#8243; bg_position=&#8221;left center&#8221; bg_repeat=&#8221;no-repeat&#8221; scene_position=&#8221;center&#8221; text_color=&#8221;light&#8221; text_align=&#8221;left&#8221; top_padding=&#8221;10%&#8221; bottom_padding=&#8221;10%&#8221; enable_gradient=&#8221;true&#8221; color_overlay=&#8221;#0d1b33&#8243; gradient_direction=&#8221;left_to_right&#8221; overlay_strength=&#8221;1&#8243; shape_divider_position=&#8221;bottom&#8221; bg_image_animation=&#8221;none&#8221; parallax_bg=&#8221;true&#8221; parallax_bg_speed=&#8221;fast&#8221; shape_type=&#8221;&#8221;][vc_column column_padding=&#8221;no-extra-padding&#8221; column_padding_position=&#8221;all&#8221; background_color_opacity=&#8221;1&#8243; background_hover_color_opacity=&#8221;1&#8243;...\" \/>\n<meta property=\"og:url\" content=\"https:\/\/staging.dani-renovation.ch\/test\/historique\/\" \/>\n<meta property=\"og:site_name\" content=\"ENTREPRISE DE RENOVATION GENEVE|construction, peinture | carrelage |ma\u00e7onnerie | Gen\u00e8ve et Vaud\" \/>\n<meta property=\"article:publisher\" content=\"https:\/\/www.facebook.com\/danirenovation\/\" \/>\n<meta property=\"article:modified_time\" content=\"2019-07-30T16:08:19+00:00\" \/>\n<meta name=\"twitter:card\" content=\"summary_large_image\" \/>\n<meta name=\"twitter:label1\" content=\"Est. reading time\" \/>\n\t<meta name=\"twitter:data1\" content=\"5 minutes\" \/>\n<script type=\"application\/ld+json\" class=\"yoast-schema-graph\">{\"@context\":\"https:\/\/schema.org\",\"@graph\":[{\"@type\":\"WebPage\",\"@id\":\"https:\/\/staging.dani-renovation.ch\/test\/historique\/\",\"url\":\"https:\/\/staging.dani-renovation.ch\/test\/historique\/\",\"name\":\"Historique | ENTREPRISE DE RENOVATION GENEVE|construction, peinture | carrelage |ma\u00e7onnerie | Gen\u00e8ve et Vaud\",\"isPartOf\":{\"@id\":\"https:\/\/staging.dani-renovation.ch\/test\/#website\"},\"datePublished\":\"2019-05-29T07:38:26+00:00\",\"dateModified\":\"2019-07-30T16:08:19+00:00\",\"breadcrumb\":{\"@id\":\"https:\/\/staging.dani-renovation.ch\/test\/historique\/#breadcrumb\"},\"inLanguage\":\"en-US\",\"potentialAction\":[{\"@type\":\"ReadAction\",\"target\":[\"https:\/\/staging.dani-renovation.ch\/test\/historique\/\"]}]},{\"@type\":\"BreadcrumbList\",\"@id\":\"https:\/\/staging.dani-renovation.ch\/test\/historique\/#breadcrumb\",\"itemListElement\":[{\"@type\":\"ListItem\",\"position\":1,\"name\":\"Home\",\"item\":\"https:\/\/staging.dani-renovation.ch\/test\/\"},{\"@type\":\"ListItem\",\"position\":2,\"name\":\"Historique\"}]},{\"@type\":\"WebSite\",\"@id\":\"https:\/\/staging.dani-renovation.ch\/test\/#website\",\"url\":\"https:\/\/staging.dani-renovation.ch\/test\/\",\"name\":\"ENTREPRISE DE RENOVATION GENEVE|construction, peinture | carrelage |ma\u00e7onnerie | Gen\u00e8ve et Vaud\",\"description\":\"\",\"publisher\":{\"@id\":\"https:\/\/staging.dani-renovation.ch\/test\/#organization\"},\"potentialAction\":[{\"@type\":\"SearchAction\",\"target\":{\"@type\":\"EntryPoint\",\"urlTemplate\":\"https:\/\/staging.dani-renovation.ch\/test\/?s={search_term_string}\"},\"query-input\":{\"@type\":\"PropertyValueSpecification\",\"valueRequired\":true,\"valueName\":\"search_term_string\"}}],\"inLanguage\":\"en-US\"},{\"@type\":\"Organization\",\"@id\":\"https:\/\/staging.dani-renovation.ch\/test\/#organization\",\"name\":\"Dani Renovation\",\"url\":\"https:\/\/staging.dani-renovation.ch\/test\/\",\"logo\":{\"@type\":\"ImageObject\",\"inLanguage\":\"en-US\",\"@id\":\"https:\/\/staging.dani-renovation.ch\/test\/#\/schema\/logo\/image\/\",\"url\":\"https:\/\/staging.dani-renovation.ch\/test\/wp-content\/uploads\/2019\/03\/dani-renovation-logo-color.svg\",\"contentUrl\":\"https:\/\/staging.dani-renovation.ch\/test\/wp-content\/uploads\/2019\/03\/dani-renovation-logo-color.svg\",\"width\":1,\"height\":1,\"caption\":\"Dani Renovation\"},\"image\":{\"@id\":\"https:\/\/staging.dani-renovation.ch\/test\/#\/schema\/logo\/image\/\"},\"sameAs\":[\"https:\/\/www.facebook.com\/danirenovation\/\"]}]}<\/script>\n<!-- \/ Yoast SEO plugin. -->","yoast_head_json":{"title":"Historique | ENTREPRISE DE RENOVATION GENEVE|construction, peinture | carrelage |ma\u00e7onnerie | Gen\u00e8ve et Vaud","robots":{"index":"noindex","follow":"follow","max-snippet":"max-snippet:-1","max-image-preview":"max-image-preview:large","max-video-preview":"max-video-preview:-1"},"og_locale":"en_US","og_type":"article","og_title":"Historique | ENTREPRISE DE RENOVATION GENEVE|construction, peinture | carrelage |ma\u00e7onnerie | Gen\u00e8ve et Vaud","og_description":"[vc_row type=&#8221;full_width_background&#8221; full_screen_row_position=&#8221;middle&#8221; bg_image=&#8221;6775&#8243; bg_position=&#8221;left center&#8221; bg_repeat=&#8221;no-repeat&#8221; scene_position=&#8221;center&#8221; text_color=&#8221;light&#8221; text_align=&#8221;left&#8221; top_padding=&#8221;10%&#8221; bottom_padding=&#8221;10%&#8221; enable_gradient=&#8221;true&#8221; color_overlay=&#8221;#0d1b33&#8243; gradient_direction=&#8221;left_to_right&#8221; overlay_strength=&#8221;1&#8243; shape_divider_position=&#8221;bottom&#8221; bg_image_animation=&#8221;none&#8221; parallax_bg=&#8221;true&#8221; parallax_bg_speed=&#8221;fast&#8221; shape_type=&#8221;&#8221;][vc_column column_padding=&#8221;no-extra-padding&#8221; column_padding_position=&#8221;all&#8221; background_color_opacity=&#8221;1&#8243; background_hover_color_opacity=&#8221;1&#8243;...","og_url":"https:\/\/staging.dani-renovation.ch\/test\/historique\/","og_site_name":"ENTREPRISE DE RENOVATION GENEVE|construction, peinture | carrelage |ma\u00e7onnerie | Gen\u00e8ve et Vaud","article_publisher":"https:\/\/www.facebook.com\/danirenovation\/","article_modified_time":"2019-07-30T16:08:19+00:00","twitter_card":"summary_large_image","twitter_misc":{"Est. reading time":"5 minutes"},"schema":{"@context":"https:\/\/schema.org","@graph":[{"@type":"WebPage","@id":"https:\/\/staging.dani-renovation.ch\/test\/historique\/","url":"https:\/\/staging.dani-renovation.ch\/test\/historique\/","name":"Historique | ENTREPRISE DE RENOVATION GENEVE|construction, peinture | carrelage |ma\u00e7onnerie | Gen\u00e8ve et Vaud","isPartOf":{"@id":"https:\/\/staging.dani-renovation.ch\/test\/#website"},"datePublished":"2019-05-29T07:38:26+00:00","dateModified":"2019-07-30T16:08:19+00:00","breadcrumb":{"@id":"https:\/\/staging.dani-renovation.ch\/test\/historique\/#breadcrumb"},"inLanguage":"en-US","potentialAction":[{"@type":"ReadAction","target":["https:\/\/staging.dani-renovation.ch\/test\/historique\/"]}]},{"@type":"BreadcrumbList","@id":"https:\/\/staging.dani-renovation.ch\/test\/historique\/#breadcrumb","itemListElement":[{"@type":"ListItem","position":1,"name":"Home","item":"https:\/\/staging.dani-renovation.ch\/test\/"},{"@type":"ListItem","position":2,"name":"Historique"}]},{"@type":"WebSite","@id":"https:\/\/staging.dani-renovation.ch\/test\/#website","url":"https:\/\/staging.dani-renovation.ch\/test\/","name":"ENTREPRISE DE RENOVATION GENEVE|construction, peinture | carrelage |ma\u00e7onnerie | Gen\u00e8ve et Vaud","description":"","publisher":{"@id":"https:\/\/staging.dani-renovation.ch\/test\/#organization"},"potentialAction":[{"@type":"SearchAction","target":{"@type":"EntryPoint","urlTemplate":"https:\/\/staging.dani-renovation.ch\/test\/?s={search_term_string}"},"query-input":{"@type":"PropertyValueSpecification","valueRequired":true,"valueName":"search_term_string"}}],"inLanguage":"en-US"},{"@type":"Organization","@id":"https:\/\/staging.dani-renovation.ch\/test\/#organization","name":"Dani Renovation","url":"https:\/\/staging.dani-renovation.ch\/test\/","logo":{"@type":"ImageObject","inLanguage":"en-US","@id":"https:\/\/staging.dani-renovation.ch\/test\/#\/schema\/logo\/image\/","url":"https:\/\/staging.dani-renovation.ch\/test\/wp-content\/uploads\/2019\/03\/dani-renovation-logo-color.svg","contentUrl":"https:\/\/staging.dani-renovation.ch\/test\/wp-content\/uploads\/2019\/03\/dani-renovation-logo-color.svg","width":1,"height":1,"caption":"Dani Renovation"},"image":{"@id":"https:\/\/staging.dani-renovation.ch\/test\/#\/schema\/logo\/image\/"},"sameAs":["https:\/\/www.facebook.com\/danirenovation\/"]}]}},"_links":{"self":[{"href":"https:\/\/staging.dani-renovation.ch\/test\/wp-json\/wp\/v2\/pages\/6714","targetHints":{"allow":["GET"]}}],"collection":[{"href":"https:\/\/staging.dani-renovation.ch\/test\/wp-json\/wp\/v2\/pages"}],"about":[{"href":"https:\/\/staging.dani-renovation.ch\/test\/wp-json\/wp\/v2\/types\/page"}],"author":[{"embeddable":true,"href":"https:\/\/staging.dani-renovation.ch\/test\/wp-json\/wp\/v2\/users\/1"}],"replies":[{"embeddable":true,"href":"https:\/\/staging.dani-renovation.ch\/test\/wp-json\/wp\/v2\/comments?post=6714"}],"version-history":[{"count":27,"href":"https:\/\/staging.dani-renovation.ch\/test\/wp-json\/wp\/v2\/pages\/6714\/revisions"}],"predecessor-version":[{"id":7493,"href":"https:\/\/staging.dani-renovation.ch\/test\/wp-json\/wp\/v2\/pages\/6714\/revisions\/7493"}],"wp:attachment":[{"href":"https:\/\/staging.dani-renovation.ch\/test\/wp-json\/wp\/v2\/media?parent=6714"}],"curies":[{"name":"wp","href":"https:\/\/api.w.org\/{rel}","templated":true}]}}